{"id":9287,"date":"2023-06-07T10:39:24","date_gmt":"2023-06-07T08:39:24","guid":{"rendered":"https:\/\/www.pallaressolsona.com\/porcelain-store\/"},"modified":"2025-10-31T13:00:13","modified_gmt":"2025-10-31T11:00:13","slug":"porcelain-store","status":"publish","type":"page","link":"https:\/\/www.pallaressolsona.com\/es\/","title":{"rendered":"Inici"},"content":{"rendered":"\t\t<div data-elementor-type=\"wp-page\" data-elementor-id=\"9287\" class=\"elementor elementor-9287 elementor-706\">\n\t\t\t\t<div class=\"elementor-element elementor-element-f0fdfdc e-con-full e-flex e-con e-parent\" data-id=\"f0fdfdc\" data-element_type=\"container\" data-e-type=\"container\" data-settings=\"{&quot;background_background&quot;:&quot;classic&quot;}\">\n\t\t\t\t<div class=\"elementor-element elementor-element-219a94c elementor-widget elementor-widget-slider_revolution\" data-id=\"219a94c\" data-element_type=\"widget\" data-e-type=\"widget\" data-widget_type=\"slider_revolution.default\">\n\t\t\t\t\t\n\t\t<div class=\"wp-block-themepunch-revslider\">\n\t\t\t\t<p class=\"rs-p-wp-fix\"><\/p>\n\t\t\t\t<sr7-module data-alias=\"inici-es\" data-id=\"5\" id=\"SR7_5_1\" class=\"rs-ov-hidden\" data-version=\"6.7.34\">\n\t\t\t\t\t<sr7-adjuster><\/sr7-adjuster>\n\t\t\t\t\t<sr7-content>\n\t\t\t\t\t\t<sr7-slide id=\"SR7_5_1-15\" data-key=\"15\">\n\t\t\t\t\t\t\t<sr7-bg id=\"SR7_5_1-15-2\" class=\"sr7-layer\"><noscript><img decoding=\"async\" src=\"https:\/\/www.pallaressolsona.com\/wp-content\/uploads\/2025\/10\/Arago-scaled.jpg\" alt=\"\" title=\"\"><\/noscript><\/sr7-bg>\n\t\t\t\t\t\t\t<sr7-txt id=\"SR7_5_1-15-0\" class=\"sr7-layer\" srscsrc><h1 class=\"qodef-shortcode qodef-m qodef-custom-font qodef-custom-font-12 qodef-layout--simple qodef-content-align--left\" style=\"color: #FFFFFF;font-size: 70px\">\n\t<span class=\"qodef-e-title-italic\">Nuestro oficio, nuestra pasi\u00f3n<\/span>\n\t<\/h1>\n<\/sr7-txt>\n\t\t\t\t\t\t\t<sr7-txt id=\"SR7_5_1-15-1\" class=\"sr7-layer\">Desde 1917<\/sr7-txt>\n\t\t\t\t\t\t<\/sr7-slide>\n\t\t\t\t\t\t<sr7-slide id=\"SR7_5_1-16\" data-key=\"16\">\n\t\t\t\t\t\t\t<sr7-bg id=\"SR7_5_1-16-6\" class=\"sr7-layer\"><noscript><img decoding=\"async\" src=\"https:\/\/www.pallaressolsona.com\/wp-content\/uploads\/2025\/10\/Esmolant-Busa-Banya-scaled.jpg\" alt=\"\" title=\"OLYMPUS DIGITAL CAMERA\"><\/noscript><\/sr7-bg>\n\t\t\t\t\t\t\t<sr7-txt id=\"SR7_5_1-16-0\" class=\"sr7-layer\" srscsrc><h1 class=\"qodef-shortcode qodef-m qodef-custom-font qodef-custom-font-380 qodef-layout--simple qodef-content-align--left\" style=\"color: #FFFFFF;font-size: 70px\">\n\t<span class=\"qodef-e-title-italic\">Nuestro oficio, nuestra pasi\u00f3n<\/span>\n\t<\/h1>\n<\/sr7-txt>\n\t\t\t\t\t\t\t<sr7-txt id=\"SR7_5_1-16-5\" class=\"sr7-layer\">Desde 1917<\/sr7-txt>\n\t\t\t\t\t\t<\/sr7-slide>\n\t\t\t\t\t\t<sr7-slide id=\"SR7_5_1-17\" data-key=\"17\">\n\t\t\t\t\t\t\t<sr7-bg id=\"SR7_5_1-17-7\" class=\"sr7-layer\"><noscript><img decoding=\"async\" src=\"https:\/\/www.pallaressolsona.com\/wp-content\/uploads\/2025\/10\/Navalla-Busa-Estabilitzada-3-scaled.jpg\" alt=\"\" title=\"\"><\/noscript><\/sr7-bg>\n\t\t\t\t\t\t\t<sr7-txt id=\"SR7_5_1-17-0\" class=\"sr7-layer\" srscsrc><h1 class=\"qodef-shortcode qodef-m qodef-custom-font qodef-custom-font-444 qodef-layout--simple qodef-content-align--left\" style=\"color: #FFFFFF;font-size: 70px\">\n\t<span class=\"qodef-e-title-italic\">Nuestro oficio, nuestra pasi\u00f3n<\/span>\n\t<\/h1>\n<\/sr7-txt>\n\t\t\t\t\t\t\t<sr7-txt id=\"SR7_5_1-17-6\" class=\"sr7-layer\">Desde 1917<\/sr7-txt>\n\t\t\t\t\t\t<\/sr7-slide>\n\t\t\t\t\t\t<sr7-slide id=\"SR7_5_1-18\" data-key=\"18\">\n\t\t\t\t\t\t\t<sr7-bg id=\"SR7_5_1-18-8\" class=\"sr7-layer\"><noscript><img decoding=\"async\" src=\"https:\/\/www.pallaressolsona.com\/wp-content\/uploads\/2025\/10\/Daga-Clavada-scaled.jpg\" alt=\"\" title=\"\"><\/noscript><\/sr7-bg>\n\t\t\t\t\t\t\t<sr7-txt id=\"SR7_5_1-18-0\" class=\"sr7-layer\" srscsrc><h1 class=\"qodef-shortcode qodef-m qodef-custom-font qodef-custom-font-462 qodef-layout--simple qodef-content-align--left\" style=\"color: #FFFFFF;font-size: 70px\">\n\t<span class=\"qodef-e-title-italic\">Nuestro oficio, nuestra pasi\u00f3n<\/span>\n\t<\/h1>\n<\/sr7-txt>\n\t\t\t\t\t\t\t<sr7-txt id=\"SR7_5_1-18-7\" class=\"sr7-layer\">Desde 1917<\/sr7-txt>\n\t\t\t\t\t\t<\/sr7-slide>\n\t\t\t\t\t\t<sr7-slide id=\"SR7_5_1-19\" data-key=\"19\">\n\t\t\t\t\t\t<\/sr7-slide>\n\t\t\t\t\t<\/sr7-content>\n\t\t\t\t\t<image_lists style=\"display:none\">\n\t\t\t\t\t\t<img data-src=\"\/\/www.pallaressolsona.com\/wp-content\/uploads\/2025\/10\/Arago-scaled.jpg\" data-libid=\"8766\" data-lib=\"medialibrary\" width=\"0\" height=\"0\" data-dbsrc=\"Ly93d3cucGFsbGFyZXNzb2xzb25hLmNvbS93cC1jb250ZW50L3VwbG9hZHMvMjAyNS8xMC9BcmFnby1zY2FsZWQuanBn\"\/>\n\t\t\t\t\t\t<img data-src=\"\/\/www.pallaressolsona.com\/wp-content\/uploads\/2025\/10\/Esmolant-Busa-Banya-scaled.jpg\" data-libid=\"8767\" data-lib=\"medialibrary\" title=\"OLYMPUS DIGITAL CAMERA\" width=\"0\" height=\"0\" data-dbsrc=\"Ly93d3cucGFsbGFyZXNzb2xzb25hLmNvbS93cC1jb250ZW50L3VwbG9hZHMvMjAyNS8xMC9Fc21vbGFudC1CdXNhLUJhbnlhLXNjYWxlZC5qcGc=\"\/>\n\t\t\t\t\t\t<img data-src=\"\/\/www.pallaressolsona.com\/wp-content\/uploads\/2025\/10\/Navalla-Busa-Estabilitzada-3-scaled.jpg\" data-libid=\"8768\" data-lib=\"medialibrary\" width=\"0\" height=\"0\" data-dbsrc=\"Ly93d3cucGFsbGFyZXNzb2xzb25hLmNvbS93cC1jb250ZW50L3VwbG9hZHMvMjAyNS8xMC9OYXZhbGxhLUJ1c2EtRXN0YWJpbGl0emFkYS0zLXNjYWxlZC5qcGc=\"\/>\n\t\t\t\t\t\t<img loading=\"lazy\" data-src=\"\/\/www.pallaressolsona.com\/wp-content\/uploads\/2025\/10\/Daga-Clavada-scaled.jpg\" data-libid=\"8769\" data-lib=\"medialibrary\" width=\"0\" height=\"0\" data-dbsrc=\"Ly93d3cucGFsbGFyZXNzb2xzb25hLmNvbS93cC1jb250ZW50L3VwbG9hZHMvMjAyNS8xMC9EYWdhLUNsYXZhZGEtc2NhbGVkLmpwZw==\"\/>\n\t\t\t\t\t<\/image_lists>\n\t\t\t\t<\/sr7-module>\n\t\t\t\t<script>\n\t\t\t\t\tSR7.PMH ??={}; SR7.PMH[\"SR7_5_1\"] = {cn:100,state:false,fn: function() { if (_tpt!==undefined && _tpt.prepareModuleHeight !== undefined) {  _tpt.prepareModuleHeight({id:\"SR7_5_1\",el:[900,900,768,960,720],type:'standard',shdw:'0',gh:[900,900,768,960,720],gw:[1240,1240,1024,778,480],vpt:['-100px&#039;,&#039;-100px&#039;,&#039;-100px&#039;,&#039;-100px&#039;,&#039;-100px'],size:{fullWidth:true, fullHeight:true},fho:'',mh:'0',onh:0,onw:0,bg:{color:'{\"orig\":\"transparent\",\"type\":\"solid\",\"string\":\"transparent\"}'}});   SR7.PMH[\"SR7_5_1\"].state=true;} else if(SR7.PMH[\"SR7_5_1\"].cn-->0)\tsetTimeout( SR7.PMH[\"SR7_5_1\"].fn,19);}};SR7.PMH[\"SR7_5_1\" ].fn();\n\t\t\t\t<\/script>\n<\/div>\n\n\t\t\t\t\t\t<\/div>\n\t\t\t\t<\/div>\n\t\t<div class=\"elementor-element elementor-element-0ad5735 e-flex e-con-boxed e-con e-parent\" data-id=\"0ad5735\" data-element_type=\"container\" data-e-type=\"container\">\n\t\t\t\t\t<div class=\"e-con-inner\">\n\t\t\t\t\t<\/div>\n\t\t\t\t<\/div>\n\t\t<div class=\"elementor-element elementor-element-bf7c33b e-con-full e-flex e-con e-parent\" data-id=\"bf7c33b\" data-element_type=\"container\" data-e-type=\"container\">\n\t\t<div class=\"elementor-element elementor-element-bfcc820 e-con-full e-flex e-con e-child\" data-id=\"bfcc820\" data-element_type=\"container\" data-e-type=\"container\">\n\t\t\t\t<div class=\"elementor-element elementor-element-2e53c25 elementor-widget elementor-widget-stonemade_core_info_section\" data-id=\"2e53c25\" data-element_type=\"widget\" data-e-type=\"widget\" data-widget_type=\"stonemade_core_info_section.default\">\n\t\t\t\t<div class=\"elementor-widget-container\">\n\t\t\t\t\t<div class=\"qodef-shortcode qodef-m justificat qodef-info-section qodef-layout--background-text qodef-alignment--left qodef-background-text-pos--top-left\">\n\t<div class=\"qodef-m-background-text\">\n\t\t\t<\/div>\n\t<div class=\"qodef-m-info\">\n\t\t\t\t\t<h3 class=\"qodef-m-title\" style=\"margin-bottom: 15px\">\n\t\tCuchillos Pallar\u00e8s\t\t\t<\/h3>\n\t\t\t<p class=\"qodef-m-text\" >La empresa Pallar\u00e8s, como \u00fanico testimonio actual de la importante industria cuchillera de Solsona y con 100 a\u00f1os de experiencia a sus espaldas, estamos especializados en la fabricaci\u00f3n de cuchillos y navajas. Tambi\u00e9n disponemos de un amplio abanico de productos enfocados a otros \u00e1mbitos, como herramientas de campo, afiladores, herramientas para la jardiner\u00eda, tijeras y barbacoas.\n\nDe especial menci\u00f3n son nuestros cuchillos profesionales y cuchillos de cocina, Cuchiller\u00eda Pallar\u00e8s pone al alcance de sus clientes productos de m\u00e1xima calidad, donde se ha cuidado mucho los materiales utilizados en la fabricaci\u00f3n de cada uno de los productos para obtener un corte de gran calidad.<\/p>\n\t\t\t<\/div>\n<\/div>\n\t\t\t\t<\/div>\n\t\t\t\t<\/div>\n\t\t\t\t<\/div>\n\t\t<div class=\"elementor-element elementor-element-96a59c1 e-con-full e-flex e-con e-child\" data-id=\"96a59c1\" data-element_type=\"container\" data-e-type=\"container\">\n\t\t\t\t<div class=\"elementor-element elementor-element-d107943 elementor-widget elementor-widget-image\" data-id=\"d107943\" data-element_type=\"widget\" data-e-type=\"widget\" data-widget_type=\"image.default\">\n\t\t\t\t\t\t\t\t\t\t\t\t\t\t\t<img loading=\"lazy\" decoding=\"async\" width=\"1024\" height=\"576\" src=\"https:\/\/www.pallaressolsona.com\/wp-content\/uploads\/2025\/10\/Imant-i-ganivets-olivera-1024x576.jpg\" class=\"attachment-large size-large wp-image-9290\" alt=\"\" srcset=\"https:\/\/www.pallaressolsona.com\/wp-content\/uploads\/2025\/10\/Imant-i-ganivets-olivera-1024x576.jpg 1024w, https:\/\/www.pallaressolsona.com\/wp-content\/uploads\/2025\/10\/Imant-i-ganivets-olivera-300x169.jpg 300w, https:\/\/www.pallaressolsona.com\/wp-content\/uploads\/2025\/10\/Imant-i-ganivets-olivera-768x432.jpg 768w, https:\/\/www.pallaressolsona.com\/wp-content\/uploads\/2025\/10\/Imant-i-ganivets-olivera-1536x864.jpg 1536w, https:\/\/www.pallaressolsona.com\/wp-content\/uploads\/2025\/10\/Imant-i-ganivets-olivera-2048x1152.jpg 2048w, https:\/\/www.pallaressolsona.com\/wp-content\/uploads\/2025\/10\/Imant-i-ganivets-olivera-600x338.jpg 600w\" sizes=\"(max-width: 1024px) 100vw, 1024px\" \/>\t\t\t\t\t\t\t\t\t\t\t\t\t\t\t<\/div>\n\t\t\t\t<\/div>\n\t\t\t\t<\/div>\n\t\t<div class=\"elementor-element elementor-element-aebb851 e-con-full e-flex e-con e-parent\" data-id=\"aebb851\" data-element_type=\"container\" data-e-type=\"container\">\n\t\t<div class=\"elementor-element elementor-element-d16a8e6 e-con-full e-flex e-con e-child\" data-id=\"d16a8e6\" data-element_type=\"container\" data-e-type=\"container\" data-settings=\"{&quot;background_background&quot;:&quot;classic&quot;}\">\n\t\t\t\t<div class=\"elementor-element elementor-element-f41dd3c elementor-widget__width-initial elementor-widget elementor-widget-stonemade_core_info_section\" data-id=\"f41dd3c\" data-element_type=\"widget\" data-e-type=\"widget\" data-widget_type=\"stonemade_core_info_section.default\">\n\t\t\t\t<div class=\"elementor-widget-container\">\n\t\t\t\t\t<div class=\"qodef-shortcode qodef-m qodef-info-section qodef-layout--background-text qodef-alignment--center qodef-background-text-pos--top-left\">\n\t<div class=\"qodef-m-background-text\">\n\t\t\t<\/div>\n\t<div class=\"qodef-m-info\">\n\t\t\t\t\t<h2 class=\"qodef-m-title\" style=\"margin-bottom: 10px\">\n\t\tNavaja com\u00fan\t\t\t<\/h2>\n\t\t\t<p class=\"qodef-m-text\" >La navaja Com\u00fan es nombrada as\u00ed por ser una de las m\u00e1s utilizadas en todo el mundo. Su hoja, con forma de hoja de laurel, ofrece fiabilidad y versatilidad a la hora de cortar. Hoy en d\u00eda se mantienen las cuatro medidas originales (n\u00ba 00 - 7 cm | n\u00ba 0 - 8 cm | n\u00ba 1 - 9 cm | n\u00ba 2 - 10 cm), que se basan en la longitud de la hoja y que se fabrican en Acero al Carbono (A.C.) y en Acero Inoxidable (INOX).<\/p>\n\t\t\t<\/div>\n<\/div>\n\t\t\t\t<\/div>\n\t\t\t\t<\/div>\n\t\t\t\t<\/div>\n\t\t<div class=\"elementor-element elementor-element-6b8dd02 e-con-full elementor-hidden-mobile e-flex e-con e-child\" data-id=\"6b8dd02\" data-element_type=\"container\" data-e-type=\"container\" data-settings=\"{&quot;background_background&quot;:&quot;classic&quot;}\">\n\t\t\t\t<\/div>\n\t\t\t\t<\/div>\n\t\t<div class=\"elementor-element elementor-element-50944e9 e-con-full e-flex e-con e-parent\" data-id=\"50944e9\" data-element_type=\"container\" data-e-type=\"container\">\n\t\t\t\t<div class=\"elementor-element elementor-element-359a97f elementor-widget elementor-widget-stonemade_core_section_title\" data-id=\"359a97f\" data-element_type=\"widget\" data-e-type=\"widget\" data-widget_type=\"stonemade_core_section_title.default\">\n\t\t\t\t<div class=\"elementor-widget-container\">\n\t\t\t\t\t<div class=\"qodef-shortcode qodef-m qodef-section-title qodef-alignment--center\">\n\t\t<h2 class=\"qodef-m-title\" >\n\tTipo de acero\t\t<\/h2>\n\t\t<\/div>\n\t\t\t\t<\/div>\n\t\t\t\t<\/div>\n\t\t<div class=\"elementor-element elementor-element-6080060 e-con-full e-flex e-con e-child\" data-id=\"6080060\" data-element_type=\"container\" data-e-type=\"container\">\n\t\t<div class=\"elementor-element elementor-element-28ce46f e-con-full e-flex e-con e-child\" data-id=\"28ce46f\" data-element_type=\"container\" data-e-type=\"container\">\n\t\t\t\t<div class=\"elementor-element elementor-element-e528741 elementor-widget elementor-widget-image\" data-id=\"e528741\" data-element_type=\"widget\" data-e-type=\"widget\" data-widget_type=\"image.default\">\n\t\t\t\t\t\t\t\t\t\t\t\t\t\t\t<img loading=\"lazy\" decoding=\"async\" width=\"1024\" height=\"683\" src=\"https:\/\/www.pallaressolsona.com\/wp-content\/uploads\/2025\/10\/Busa-Boix-1024x683.jpg\" class=\"attachment-large size-large wp-image-9293\" alt=\"\" srcset=\"https:\/\/www.pallaressolsona.com\/wp-content\/uploads\/2025\/10\/Busa-Boix-1024x683.jpg 1024w, https:\/\/www.pallaressolsona.com\/wp-content\/uploads\/2025\/10\/Busa-Boix-300x200.jpg 300w, https:\/\/www.pallaressolsona.com\/wp-content\/uploads\/2025\/10\/Busa-Boix-768x512.jpg 768w, https:\/\/www.pallaressolsona.com\/wp-content\/uploads\/2025\/10\/Busa-Boix-1536x1024.jpg 1536w, https:\/\/www.pallaressolsona.com\/wp-content\/uploads\/2025\/10\/Busa-Boix-2048x1365.jpg 2048w, https:\/\/www.pallaressolsona.com\/wp-content\/uploads\/2025\/10\/Busa-Boix-600x400.jpg 600w\" sizes=\"(max-width: 1024px) 100vw, 1024px\" \/>\t\t\t\t\t\t\t\t\t\t\t\t\t\t\t<\/div>\n\t\t\t\t<div class=\"elementor-element elementor-element-564f211 elementor-widget elementor-widget-qi_addons_for_elementor_section_title\" data-id=\"564f211\" data-element_type=\"widget\" data-e-type=\"widget\" data-widget_type=\"qi_addons_for_elementor_section_title.default\">\n\t\t\t\t<div class=\"elementor-widget-container\">\n\t\t\t\t\t<div class=\"qodef-shortcode qodef-m qodef-qi-section-title qodef-decoration--italic qodef-link--underline-draw qodef-subtitle-icon--left\">\n\t\t\t\t\t\t<h4 class=\"qodef-m-title\">\n\t\tEl Acero al Carbono (A.C.)\t<\/h4>\n\t\t\t<\/div>\n\t\t\t\t<\/div>\n\t\t\t\t<\/div>\n\t\t\t\t<div class=\"elementor-element elementor-element-9f65a97 elementor-widget elementor-widget-text-editor\" data-id=\"9f65a97\" data-element_type=\"widget\" data-e-type=\"widget\" data-widget_type=\"text-editor.default\">\n\t\t\t\t\t\t\t\t\t<p><em>Es el material original, por lo que es m\u00e1s fuerte, el corte dura m\u00e1s y es mucho m\u00e1s f\u00e1cil de afilar. Por el contrario, si no se cuida, se puede oxidar. Para evitar la oxidaci\u00f3n, se recomienda secar la hoja despu\u00e9s de cada uso y, si se quiere conservar un tiempo sin usar, se puede poner una capa de aceite, ya que este no deja que el ox\u00edgeno entre en contacto con la hoja y se oxide.<\/em><\/p>\t\t\t\t\t\t\t\t<\/div>\n\t\t\t\t<\/div>\n\t\t<div class=\"elementor-element elementor-element-ad5607a e-con-full e-flex e-con e-child\" data-id=\"ad5607a\" data-element_type=\"container\" data-e-type=\"container\">\n\t\t\t\t<div class=\"elementor-element elementor-element-c5f730b elementor-widget elementor-widget-image\" data-id=\"c5f730b\" data-element_type=\"widget\" data-e-type=\"widget\" data-widget_type=\"image.default\">\n\t\t\t\t\t\t\t\t\t\t\t\t\t\t\t<img loading=\"lazy\" decoding=\"async\" width=\"1024\" height=\"684\" src=\"https:\/\/www.pallaressolsona.com\/wp-content\/uploads\/2025\/10\/banya-1024x684.jpg\" class=\"attachment-large size-large wp-image-9288\" alt=\"\" srcset=\"https:\/\/www.pallaressolsona.com\/wp-content\/uploads\/2025\/10\/banya-1024x684.jpg 1024w, https:\/\/www.pallaressolsona.com\/wp-content\/uploads\/2025\/10\/banya-300x200.jpg 300w, https:\/\/www.pallaressolsona.com\/wp-content\/uploads\/2025\/10\/banya-768x513.jpg 768w, https:\/\/www.pallaressolsona.com\/wp-content\/uploads\/2025\/10\/banya-1536x1026.jpg 1536w, https:\/\/www.pallaressolsona.com\/wp-content\/uploads\/2025\/10\/banya-2048x1368.jpg 2048w, https:\/\/www.pallaressolsona.com\/wp-content\/uploads\/2025\/10\/banya-600x401.jpg 600w\" sizes=\"(max-width: 1024px) 100vw, 1024px\" \/>\t\t\t\t\t\t\t\t\t\t\t\t\t\t\t<\/div>\n\t\t\t\t<div class=\"elementor-element elementor-element-ecc81ef elementor-widget elementor-widget-qi_addons_for_elementor_section_title\" data-id=\"ecc81ef\" data-element_type=\"widget\" data-e-type=\"widget\" data-widget_type=\"qi_addons_for_elementor_section_title.default\">\n\t\t\t\t<div class=\"elementor-widget-container\">\n\t\t\t\t\t<div class=\"qodef-shortcode qodef-m qodef-qi-section-title qodef-decoration--italic qodef-link--underline-draw qodef-subtitle-icon--left\">\n\t\t\t\t\t\t<h4 class=\"qodef-m-title\">\n\t\tEl Acero Inoxidable (INOX)\t<\/h4>\n\t\t\t<\/div>\n\t\t\t\t<\/div>\n\t\t\t\t<\/div>\n\t\t\t\t<div class=\"elementor-element elementor-element-9e6bacd elementor-widget elementor-widget-text-editor\" data-id=\"9e6bacd\" data-element_type=\"widget\" data-e-type=\"widget\" data-widget_type=\"text-editor.default\">\n\t\t\t\t\t\t\t\t\t<p><em>Surge de a\u00f1adir cromo y n\u00edquel al Acero al Carbono, no se oxida tan f\u00e1cilmente, pero, al ser un material menos fuerte, pierde antes el corte y es m\u00e1s dif\u00edcil de afilar.<\/em><\/p>\t\t\t\t\t\t\t\t<\/div>\n\t\t\t\t<\/div>\n\t\t\t\t<\/div>\n\t\t\t\t<\/div>\n\t\t\t\t<\/div>\n\t\t","protected":false},"excerpt":{"rendered":"<p>Cuchillos Pallar\u00e8s La empresa Pallar\u00e8s, como \u00fanico testimonio actual de la importante industria cuchillera de Solsona y con 100 a\u00f1os de experiencia a sus espaldas, estamos especializados en la fabricaci\u00f3n de cuchillos y navajas. Tambi\u00e9n disponemos de un amplio abanico de productos enfocados a otros \u00e1mbitos, como herramientas de campo, afiladores, herramientas para la jardiner\u00eda, [&hellip;]<\/p>\n","protected":false},"author":1,"featured_media":9289,"parent":0,"menu_order":1,"comment_status":"closed","ping_status":"closed","template":"page-full-width.php","meta":{"footnotes":""},"class_list":["post-9287","page","type-page","status-publish","has-post-thumbnail","hentry"],"aioseo_notices":[],"_links":{"self":[{"href":"https:\/\/www.pallaressolsona.com\/es\/wp-json\/wp\/v2\/pages\/9287","targetHints":{"allow":["GET"]}}],"collection":[{"href":"https:\/\/www.pallaressolsona.com\/es\/wp-json\/wp\/v2\/pages"}],"about":[{"href":"https:\/\/www.pallaressolsona.com\/es\/wp-json\/wp\/v2\/types\/page"}],"author":[{"embeddable":true,"href":"https:\/\/www.pallaressolsona.com\/es\/wp-json\/wp\/v2\/users\/1"}],"replies":[{"embeddable":true,"href":"https:\/\/www.pallaressolsona.com\/es\/wp-json\/wp\/v2\/comments?post=9287"}],"version-history":[{"count":9,"href":"https:\/\/www.pallaressolsona.com\/es\/wp-json\/wp\/v2\/pages\/9287\/revisions"}],"predecessor-version":[{"id":9303,"href":"https:\/\/www.pallaressolsona.com\/es\/wp-json\/wp\/v2\/pages\/9287\/revisions\/9303"}],"wp:featuredmedia":[{"embeddable":true,"href":"https:\/\/www.pallaressolsona.com\/es\/wp-json\/wp\/v2\/media\/9289"}],"wp:attachment":[{"href":"https:\/\/www.pallaressolsona.com\/es\/wp-json\/wp\/v2\/media?parent=9287"}],"curies":[{"name":"wp","href":"https:\/\/api.w.org\/{rel}","templated":true}]}}