{"id":3,"date":"2025-10-28T20:30:57","date_gmt":"2025-10-28T18:30:57","guid":{"rendered":"https:\/\/www.pallaressolsona.com\/?page_id=3"},"modified":"2025-10-31T11:40:31","modified_gmt":"2025-10-31T09:40:31","slug":"politica-de-privacitat","status":"publish","type":"page","link":"https:\/\/www.pallaressolsona.com\/ca\/politica-de-privacitat\/","title":{"rendered":"Pol\u00edtica de privacitat"},"content":{"rendered":"\n<p>PALLAR\u00c8S C.B. informa els usuaris del lloc web sobre la seva pol\u00edtica respecte al tractament i protecci\u00f3 de les dades de car\u00e0cter personal dels usuaris i clients.<\/p>\n\n\n\n<p>I garanteix en tot moment l\u2019\u00edntegre i ple compliment de les obligacions disposades per la normativa de protecci\u00f3 de dades i serveis de la societat de la informaci\u00f3: Reglament (UE) 2016\/679 del Parlament Europeu i del Consell, de 27 d\u2019abril de 2016, relatiu a la protecci\u00f3 de les persones f\u00edsiques pel que fa al tractament de dades personals i a la lliure circulaci\u00f3 d\u2019aquestes dades (RGPD), la normativa Llei Org\u00e0nica 3\/2018, de 5 de desembre, de Protecci\u00f3 de Dades Personals i garantia dels drets digitals (LOPDGDD)&nbsp;i la Llei 34\/2002, d\u201911 de juliol, de Serveis de la Societat de la Informaci\u00f3 i del Comer\u00e7 Electr\u00f2nic (LSSIce).<\/p>\n\n\n\n<p><strong>RESPONSABLE DEL TRACTAMENT<br><\/strong>PALLAR\u00c8S, C.B.<br>C.I.F.: E25045717<br>Domicili: Pol. Ind. Els Ametllers &#8211; C\/ Ganiveters, 39 \u2013 25280 SOLSONA (LLEIDA).<br>Dades registrals: <br>Tel\u00e8fon: 973483054<br>Correu electr\u00f2nic: info@pallaressolsona.com<\/p>\n\n\n\n<p><strong>FINALITATS DEL TRACTAMENT DE LES DADES<\/strong><\/p>\n\n\n\n<p>Les dades facilitades per l\u2019Usuari s\u00f3n utilitzats per diverses finalitats que s\u2019enumeren a continuaci\u00f3:<\/p>\n\n\n\n<figure class=\"wp-block-table\"><table class=\"has-fixed-layout\"><tbody><tr><td><strong>Finalitat del tractament &nbsp;&nbsp;&nbsp;&nbsp;&nbsp;&nbsp;&nbsp;&nbsp;&nbsp;&nbsp;&nbsp;&nbsp;&nbsp;&nbsp;&nbsp;&nbsp;&nbsp;&nbsp;&nbsp;&nbsp;&nbsp;<\/strong><\/td><td><strong>Base jur\u00eddica per al tractament<\/strong><\/td><\/tr><tr><td>Gestionar les consultes o qualsevol tipus de petici\u00f3 que sigui realitzada a trav\u00e9s de les formes de contacte que es posen a disposici\u00f3 a la p\u00e0gina web.<\/td><td>Inter\u00e8s leg\u00edtim de la Societat per a atendre els requeriments d\u2019informaci\u00f3 a trav\u00e9s de la web.Consentiment prestat de manera expressa en el moment de recollida de les dades a trav\u00e9s dels formularis web.<\/td><\/tr><tr><td>Enviament de&nbsp;newsletters, comunicacions comercials i promocions.<\/td><td>Consentiment prestat de manera expressa en el moment de recollida de les dades a trav\u00e9s dels formularis web.<\/td><\/tr><tr><td>Gestionar les incid\u00e8ncies i el manteniment de la web.<\/td><td>Inter\u00e8s leg\u00edtim de la Societat.&nbsp;<\/td><\/tr><\/tbody><\/table><\/figure>\n\n\n\n<p><strong>TERMINI DE CONSERVACI\u00d3 DE LES DADES<\/strong><\/p>\n\n\n\n<figure class=\"wp-block-table\"><table class=\"has-fixed-layout\"><tbody><tr><td><strong>Finalitat del tractament<\/strong><\/td><td><strong>Termini de conservaci\u00f3<\/strong><\/td><\/tr><tr><td>Gestionar les consultes o qualsevol tipus de petici\u00f3 que sigui realitzada a trav\u00e9s de les formes de contacte que es posen a disposici\u00f3 a la p\u00e0gina web.<\/td><td>Tractarem les teves dades durant el temps que sigui necessari per a atendre la teva sol\u00b7licitud o petici\u00f3.<\/td><\/tr><tr><td>Enviament de&nbsp;newsletters, comunicacions comercials i promocions.<\/td><td>Tractarem les teves dades fins que et donis de baixa.<\/td><\/tr><tr><td>Gestionar les incid\u00e8ncies i el manteniment de la web.<\/td><td>Tractarem les seves dades durant el temps necessari per a complir els terminis legals de prescripci\u00f3 que li resultin d\u2019aplicaci\u00f3.<\/td><\/tr><\/tbody><\/table><\/figure>\n\n\n\n<p><strong>DESTINATARIS DE LES DADES<\/strong><\/p>\n\n\n\n<p>Per a complir les finalitats indicades en la present Pol\u00edtica de Privacitat, \u00e9s necessari que donem acc\u00e9s a les teves dades personals a terceres parts que ens donin suport en els serveis que t\u2019oferim (Encarregats de Tractament).<\/p>\n\n\n\n<p>Els encarregats de tractament, per a l\u2019execuci\u00f3 d\u2019un contracte o prestaci\u00f3 d\u2019un servei al Responsable, ha de seguir les seves instruccions i assegurant els mateixos nivells de seguretat.<\/p>\n\n\n\n<p><strong>DRETS DELS USUARIS<\/strong><\/p>\n\n\n\n<p>L\u2019usuari t\u00e9 dret a:<\/p>\n\n\n\n<ul class=\"wp-block-list\">\n<li>Sol\u00b7licitar l\u2019acc\u00e9s a les seves dades personals que s\u2019estan tractant i rebre aquesta informaci\u00f3 per escrit pel mitj\u00e0 sol\u00b7licitat.<\/li>\n\n\n\n<li>Sol\u00b7licitar la rectificaci\u00f3 de les dades personals inexactes o, si escau, sol\u00b7licitar la seva supressi\u00f3 quan, entre altres motius, les dades ja no siguin necessaris per a la finalitat pels quals van ser recollits.<\/li>\n\n\n\n<li>Sol\u00b7licitar la limitaci\u00f3 del tractament de les seves dades.<\/li>\n\n\n\n<li>Oposar-se al tractament de les seves dades personals quan escaigui, en aquest cas es deixaran de tractar les seves dades excepte per motius leg\u00edtims.<\/li>\n\n\n\n<li>Dret a la portabilitat de les dades. L\u2019interessat\/interessada t\u00e9 dret a rebre les dades personals si han estat facilitades en un format estructurat, d\u2019\u00fas com\u00fa i de lectura mec\u00e0nica, i a transmetre-les a un altre responsable, si es compleixen els requisits seg\u00fcents:<\/li>\n<\/ul>\n\n\n\n<ol class=\"wp-block-list\">\n<li>El tractament es basa en el consentiment o en un contracte.<\/li>\n\n\n\n<li>El tractament es fa per mitjans automatitzats.<\/li>\n<\/ol>\n\n\n\n<ul class=\"wp-block-list\">\n<li>Dret a retirar el consentiment prestat.<\/li>\n\n\n\n<li>Dret a reclamar davant l\u2019Ag\u00e8ncia Espanyola de Protecci\u00f3 de Dades.<\/li>\n<\/ul>\n\n\n\n<p>L\u2019Usuari pot exercitar els drets anteriorment indicats a l\u2019adre\u00e7a de correu postal o electr\u00f2nica del Responsable, acreditant la seva identitat amb una c\u00f2pia escanejada del seu DNI o document equivalent, i especificant el dret que desitja exercir.<\/p>\n\n\n\n<p><strong>PROCED\u00c8NCIA DE LES DADES<\/strong><\/p>\n\n\n\n<p>Les dades personals han de ser facilitades pel propi interessat de forma absolutament volunt\u00e0ria. La manca d\u2019algunes dades o la no resposta de preguntes que puguin formular-se a la persona interessada en els processos de registre o a trav\u00e9s de formularis electr\u00f2nics, pot provocar la impossibilitat d\u2019acc\u00e9s a determinats serveis per a la prestaci\u00f3 dels quals \u00e9s imprescindible de disposar d\u2019aquestes dades de car\u00e0cter personal. En aquest cas, el Responsable del Tractament ha d\u2019informar del car\u00e0cter obligatori o necessari de facilitar les dades personals per al funcionament del servei.<\/p>\n\n\n\n<p>El Responsable assegura la confidencialitat de les seves dades personals i garanteix la seguretat d\u2019aquests, adoptant les mesures necess\u00e0ries per a evitar la seva alteraci\u00f3, p\u00e8rdua, tractament o acc\u00e9s no autoritzat.<\/p>\n\n\n\n<p><strong>INFORMACI\u00d3 FACILITADA PER L\u2019INTERESSAT\/INTERESSADA<\/strong><\/p>\n\n\n\n<p>Els i les menors de 18 anys no poden cedir les seves dades personals sense el previ consentiment del seu pare\/mare &nbsp;i\/o tutors legals.<\/p>\n\n\n\n<p>L\u2019interessat\/interessada introduint les seves dades en els formularis de contacte o presentats en formularis de desc\u00e0rrega, accepten expressament i de forma lliure i inequ\u00edvoca que les seves dades s\u00f3n necess\u00e0ries perqu\u00e8 el Responsable atengui la seva petici\u00f3, i \u00e9s volunt\u00e0ria la inclusi\u00f3 de dades en els camps restants.<\/p>\n\n\n\n<p>L\u2019interessat\/interessada garanteix que les dades personals facilitades al prestador s\u00f3n veraces i es fa responsable de comunicar qualsevol modificaci\u00f3 d\u2019aquestes.<\/p>\n\n\n\n<p>Totes les dades sol\u00b7licitades a trav\u00e9s del lloc web s\u00f3n necessaris per a la prestaci\u00f3 d\u2019un servei \u00f2ptim a l\u2019interessat\/interessada. En cas que no siguin facilitades totes les dades, no es garanteix que la informaci\u00f3 i serveis que El responsable li faciliti, siguin completament ajustats a les seves necessitats.<\/p>\n\n\n\n<p><strong>MESURES DE SEGURETAT<\/strong><\/p>\n\n\n\n<p>Que de conformitat amb el que disposen les normatives vigents en mat\u00e8ria de protecci\u00f3 de dades personals, El Responsable est\u00e0 complint amb totes les disposicions de les normatives RGPD i LOPDGDD per al tractament de les dades personals de la seva responsabilitat, i manifestament amb els principis descrits en l\u2019article 5 del RGPD i en l\u2019article 4 de la LOPDGDD, pels quals s\u00f3n tractats de manera l\u00edcita, lleial i transparent en relaci\u00f3 amb l\u2019interessat i adequades, pertinents i limitats al que \u00e9s necessari en relaci\u00f3 amb els fins per als quals s\u00f3n tractats.<\/p>\n\n\n\n<p>El responsable garanteix que ha implementat pol\u00edtiques t\u00e8cniques i organitzatives apropiades per aplicar les mesures de seguretat que estableixen el RGPD i la LOPDGDD per tal de protegir els drets i llibertats de l\u2019interessat\/interessadai els ha comunicat la informaci\u00f3 adequada perqu\u00e8 puguin exercir-los.&nbsp;<\/p>\n\n\n\n<p>&nbsp;<strong>BRETXES DE SEGURETAT<\/strong><\/p>\n\n\n\n<p>El Responsable informar\u00e0 sobre qualsevol bretxa de seguretat que afecti la base de dades que utilitza aquest lloc web, o que afecti a qualsevol dels nostres serveis de tercers, a totes i cadascuna de les persones, dades dels quals puguin haver estat afectades, i autoritats, dins de les 72 hores seg\u00fcents a la detecci\u00f3 de la bretxa.<\/p>\n\n\n\n<p><strong>LEGISLACI\u00d3 APLICABLE I JURISDICCI\u00d3<\/strong><\/p>\n\n\n\n<p>Es reserva la facultat de presentar les accions civils o penals que consideri necess\u00e0ries per a la utilitzaci\u00f3 indeguda del Lloc web i Continguts.<\/p>\n\n\n\n<p>La relaci\u00f3 entre l\u2019Usuari i el Responsable es regir\u00e0 per la normativa vigent i d\u2019aplicaci\u00f3 en el territori espanyol. En cas de sorgir qualsevol controv\u00e8rsia en relaci\u00f3 amb la interpretaci\u00f3 i\/o a l\u2019aplicaci\u00f3, les parts sotmetran els seus conflictes a la jurisdicci\u00f3 ordin\u00e0ria sotmetent-se als jutges i tribunals que corresponguin conforme a dret.<\/p>\n","protected":false},"excerpt":{"rendered":"<p>PALLAR\u00c8S C.B. informa els usuaris del lloc web sobre la seva pol\u00edtica respecte al tractament i protecci\u00f3 de les dades de car\u00e0cter personal dels usuaris i clients. I garanteix en tot moment l\u2019\u00edntegre i ple compliment de les obligacions disposades per la normativa de protecci\u00f3 de dades i serveis de la societat de la informaci\u00f3: [&hellip;]<\/p>\n","protected":false},"author":1,"featured_media":0,"parent":0,"menu_order":15,"comment_status":"closed","ping_status":"open","template":"","meta":{"footnotes":""},"class_list":["post-3","page","type-page","status-publish","hentry"],"aioseo_notices":[],"_links":{"self":[{"href":"https:\/\/www.pallaressolsona.com\/ca\/wp-json\/wp\/v2\/pages\/3","targetHints":{"allow":["GET"]}}],"collection":[{"href":"https:\/\/www.pallaressolsona.com\/ca\/wp-json\/wp\/v2\/pages"}],"about":[{"href":"https:\/\/www.pallaressolsona.com\/ca\/wp-json\/wp\/v2\/types\/page"}],"author":[{"embeddable":true,"href":"https:\/\/www.pallaressolsona.com\/ca\/wp-json\/wp\/v2\/users\/1"}],"replies":[{"embeddable":true,"href":"https:\/\/www.pallaressolsona.com\/ca\/wp-json\/wp\/v2\/comments?post=3"}],"version-history":[{"count":4,"href":"https:\/\/www.pallaressolsona.com\/ca\/wp-json\/wp\/v2\/pages\/3\/revisions"}],"predecessor-version":[{"id":9143,"href":"https:\/\/www.pallaressolsona.com\/ca\/wp-json\/wp\/v2\/pages\/3\/revisions\/9143"}],"wp:attachment":[{"href":"https:\/\/www.pallaressolsona.com\/ca\/wp-json\/wp\/v2\/media?parent=3"}],"curies":[{"name":"wp","href":"https:\/\/api.w.org\/{rel}","templated":true}]}}